{"id":2433,"date":"2025-05-27T11:22:57","date_gmt":"2025-05-27T09:22:57","guid":{"rendered":"https:\/\/www.crescentiforte.eu\/proteccion-de-datos\/"},"modified":"2025-09-24T11:42:27","modified_gmt":"2025-09-24T09:42:27","slug":"avviso-legale","status":"publish","type":"page","link":"https:\/\/www.crescentiforte.eu\/it\/avviso-legale\/","title":{"rendered":"Avviso Legale"},"content":{"rendered":"\t\t<div data-elementor-type=\"wp-page\" data-elementor-id=\"2433\" class=\"elementor elementor-2433 elementor-1136\" data-elementor-post-type=\"page\">\n\t\t\t\t<div class=\"elementor-element elementor-element-3d2a9ca e-flex e-con-boxed e-con e-parent\" data-id=\"3d2a9ca\" data-element_type=\"container\" data-e-type=\"container\">\n\t\t\t\t\t<div class=\"e-con-inner\">\n\t\t\t\t<div class=\"elementor-element elementor-element-82bca9e elementor-widget elementor-widget-heading\" data-id=\"82bca9e\" data-element_type=\"widget\" data-e-type=\"widget\" data-widget_type=\"heading.default\">\n\t\t\t\t\t<h2 class=\"elementor-heading-title elementor-size-default\">Avviso Legale<\/h2>\t\t\t\t<\/div>\n\t\t\t\t<div class=\"elementor-element elementor-element-2275282 elementor-widget elementor-widget-heading\" data-id=\"2275282\" data-element_type=\"widget\" data-e-type=\"widget\" data-widget_type=\"heading.default\">\n\t\t\t\t\t<h2 class=\"elementor-heading-title elementor-size-default\">Testi Legali RGPDUE 2016\/679 \u2013 LOPDGDD 3\/2018<\/h2>\t\t\t\t<\/div>\n\t\t\t\t<div class=\"elementor-element elementor-element-c63c30f pmb elementor-widget elementor-widget-text-editor\" data-id=\"c63c30f\" data-element_type=\"widget\" data-e-type=\"widget\" data-widget_type=\"text-editor.default\">\n\t\t\t\t\t\t\t\t\t<p><a href=\"#aviso\">1.1\u00a0 Avviso Legale<\/a><\/p><p><a href=\"#privacidad\">1.2\u00a0 Informativa sulla Privacy<\/a><\/p><p><a href=\"#informacion\">1.3\u00a0 Informazioni Aggiuntive<\/a><\/p>\t\t\t\t\t\t\t\t<\/div>\n\t\t\t\t<div class=\"elementor-element elementor-element-6fc004c elementor-widget elementor-widget-menu-anchor\" data-id=\"6fc004c\" data-element_type=\"widget\" data-e-type=\"widget\" data-widget_type=\"menu-anchor.default\">\n\t\t\t\t\t\t\t<div class=\"elementor-menu-anchor\" id=\"aviso\"><\/div>\n\t\t\t\t\t\t<\/div>\n\t\t\t\t<div class=\"elementor-element elementor-element-94c9ba1 elementor-widget elementor-widget-heading\" data-id=\"94c9ba1\" data-element_type=\"widget\" data-e-type=\"widget\" data-widget_type=\"heading.default\">\n\t\t\t\t\t<h2 class=\"elementor-heading-title elementor-size-default\">1.1Avviso Legale<\/h2>\t\t\t\t<\/div>\n\t\t\t\t<div class=\"elementor-element elementor-element-7eb0596 pmb elementor-widget elementor-widget-text-editor\" data-id=\"7eb0596\" data-element_type=\"widget\" data-e-type=\"widget\" data-widget_type=\"text-editor.default\">\n\t\t\t\t\t\t\t\t\t<p><strong>DATI IDENTIFICATIVI DEL FORNITORE DI SERVIZI DELLA SOCIET&Agrave; DELL&rsquo;INFORMAZIONE<\/strong><\/p>\n<p>In conformit&agrave; con l&rsquo;articolo 10 della Legge 34\/2002, dell&rsquo;11 luglio, sui &ldquo;Servizi della Societ&agrave; dell&rsquo;Informazione e del Commercio Elettronico (LSSI)&rdquo;, le forniamo le seguenti informazioni:<\/p>\n<p>S&amp;C BARNA CONSULTING&amp;INVESTMENTS 25, S.L. (di seguito, CRESCENTIFORTE), &egrave; titolare del portale Web crescentiforte.eu, che agisce esclusivamente come gestore e amministratore dei contenuti del portale, con sede legale in C\/ MAJOR DE SARRI&Agrave;, 137 &ndash; 08017 BARCELLONA, P.IVA B-75594911, iscritta nel Registro delle Imprese di Barcellona, Foglio B-628621 I.R.U.S. 1000442219760, Iscrizione 1&ordf;. &Egrave; responsabile della gestione, dell&rsquo;amministrazione e del funzionamento del suddetto sito web.<br \/> Per contattarci, scriva a: info@crescentiforte.eu<\/p>\n<p><strong>INTRODUZIONE<\/strong><strong><br \/><\/strong> Il presente Avviso Legale regola l&rsquo;uso di questo sito web. L&rsquo;accesso al sito &egrave; gratuito, salvo per quanto riguarda il costo della connessione alla rete di telecomunicazioni fornita dal provider utilizzato dagli utenti.<\/p>\n<p><strong>ACCETTAZIONE<\/strong><strong><br \/><\/strong> L&rsquo;utilizzo del portale attribuisce la condizione di utente e implica l&rsquo;accettazione totale e senza riserve di tutte le disposizioni contenute nel presente Avviso Legale, nella versione pubblicata da CRESCENTIFORTE al momento dell&rsquo;accesso. Di conseguenza, l&rsquo;utente deve leggere attentamente il presente Avviso Legale ogni volta che intende utilizzare il sito, poich&eacute; potrebbe subire modifiche.<\/p>\n<p><strong>INFORMAZIONE SUI LINK<\/strong><strong><br \/><\/strong> CRESCENTIFORTE non &egrave; responsabile dei siti web esterni o di terze parti accessibili tramite collegamenti (&#8220;link&#8221;) n&eacute; di alcun contenuto fornito da terzi.<br \/> Qualsiasi utilizzo di un collegamento o accesso a un sito non proprio &egrave; sotto l&rsquo;esclusiva responsabilit&agrave; dell&rsquo;utente. CRESCENTIFORTE non garantisce n&eacute; approva alcuna informazione ottenuta tramite link esterni, n&eacute; risponde di eventuali danni derivanti dal loro utilizzo, inclusi ritardi, interruzioni del servizio, perdite o danni.<\/p>\n<p><strong>LIMITAZIONE DI GARANZIE E RESPONSABILIT&Agrave;<\/strong><strong><br \/><\/strong> CRESCENTIFORTE adotta tutte le misure possibili per evitare errori nei contenuti del sito.<br \/> Adotta inoltre misure per garantire la sicurezza delle comunicazioni e delle transazioni online secondo la tecnologia disponibile.<\/p>\n<p>CRESCENTIFORTE non sar&agrave; responsabile di danni ai sistemi informatici degli utenti causati da fattori esterni, come virus, guasti delle linee telefoniche o del sistema elettronico, n&eacute; da interruzioni o malfunzionamenti della rete o dei server collegati.<\/p>\n<p><strong>PROPRIET&Agrave; INTELLETTUALE E INDUSTRIALE, MARCHI REGISTRATI<\/strong><strong><br \/><\/strong> Struttura, design e presentazione degli elementi del sito sono protetti da diritti di propriet&agrave; intellettuale e appartengono a CRESCENTIFORTE.<br \/> &Egrave; vietata la riproduzione, distribuzione, comunicazione pubblica, o sfruttamento totale o parziale di tali elementi senza espressa autorizzazione.<br \/> L&rsquo;uso del materiale &egrave; consentito solo per fini privati.<br \/> I marchi, nomi commerciali e segni distintivi sono protetti da diritti di propriet&agrave; industriale.<\/p>\n<p><strong>ACQUISTO ONLINE SICURO<\/strong><strong><br \/><\/strong> La sicurezza &egrave; una priorit&agrave; per CRESCENTIFORTE. Facciamo ogni sforzo per proteggere i dati e le transazioni.<\/p>\n<p><strong>NON CONDIVIDA I SUOI DATI PERSONALI<\/strong><strong><br \/><\/strong> CRESCENTIFORTE non richieder&agrave; mai password, dati bancari o della carta di credito via email o telefono.<br \/> In caso di contatti sospetti, ignori e segnali l&rsquo;accaduto a: info@crescentiforte.eu<\/p>\n<p><strong>RICONOSCERE EMAIL FALSE (spoofing o phishing)<\/strong><strong><br \/><\/strong> Non clicchi su email che richiedano informazioni personali o la reindirizzino a siti non appartenenti a CRESCENTIFORTE.<br \/> Verifichi sempre l&rsquo;indirizzo email e l&rsquo;URL prima di interagire.<br \/> Segnali le email sospette a info@crescentiforte.eu allegando il messaggio.<\/p>\n<p><strong>PIATTAFORMA DI RISOLUZIONE DELLE CONTROVERSIE ONLINE (ODR)<\/strong><strong><br \/><\/strong> Come da Regolamento (UE) 524\/2013, informiamo della piattaforma europea per la risoluzione delle controversie online, disponibile al link:<br \/><a href=\"http:\/\/ec.europa.eu\/consumers\/odr\/\">http:\/\/ec.europa.eu\/consumers\/odr\/<\/a><\/p>\t\t\t\t\t\t\t\t<\/div>\n\t\t\t\t<div class=\"elementor-element elementor-element-387b66f elementor-widget elementor-widget-menu-anchor\" data-id=\"387b66f\" data-element_type=\"widget\" data-e-type=\"widget\" data-widget_type=\"menu-anchor.default\">\n\t\t\t\t\t\t\t<div class=\"elementor-menu-anchor\" id=\"privacidad\"><\/div>\n\t\t\t\t\t\t<\/div>\n\t\t\t\t<div class=\"elementor-element elementor-element-4cbc395 elementor-widget elementor-widget-heading\" data-id=\"4cbc395\" data-element_type=\"widget\" data-e-type=\"widget\" data-widget_type=\"heading.default\">\n\t\t\t\t\t<h2 class=\"elementor-heading-title elementor-size-default\">1.2   Informativa sulla Privacy<\/h2>\t\t\t\t<\/div>\n\t\t\t\t<div class=\"elementor-element elementor-element-b5f82c9 pmb elementor-widget elementor-widget-text-editor\" data-id=\"b5f82c9\" data-element_type=\"widget\" data-e-type=\"widget\" data-widget_type=\"text-editor.default\">\n\t\t\t\t\t\t\t\t\t<h3 data-start=\"69\" data-end=\"85\">RESPONSABILE<\/h3><p data-start=\"87\" data-end=\"797\">In conformit\u00e0 a quanto stabilito dal Regolamento Generale (UE) 2016\/679 sulla Protezione dei Dati e dalla Legge Organica 3\/2018 sulla Protezione dei Dati Personali e garanzia dei diritti digitali, La informiamo che i dati personali forniti tramite i moduli, cos\u00ec come il Suo indirizzo e-mail, sono stati inseriti in un trattamento di cui \u00e8 titolare <strong data-start=\"436\" data-end=\"481\">S&amp;C BARNA CONSULTING&amp;INVESTMENTS 25, S.L.<\/strong> (d\u2019ora in avanti <strong data-start=\"499\" data-end=\"517\">CRESCENTIFORTE<\/strong>), con sede legale in C\/ MAJOR DE SARRI\u00c0, 137 &#8211; 08017 BARCELLONA, NIF B-75594911, iscritta al Registro delle Imprese di Barcellona Foglio B-628621 I.R.U.S. 1000442219760, Iscrizione 1\u00aa, incaricata della gestione, amministrazione e funzionamento del portale web sopra menzionato.<\/p><p data-start=\"799\" data-end=\"1377\">Si informa che i dati possono essere trattati al fine di fornire informazioni sui nostri prodotti e\/o servizi attraverso mezzi elettronici, sempre che ci autorizzi a tale trattamento. I Suoi dati potranno essere oggetto di profilazione, al fine di applicare un piano di fidelizzazione in base al rapporto commerciale del cliente e offrire offerte adeguate alle sue preferenze. Lei potr\u00e0 in qualsiasi momento opporsi a questo tipo di comunicazioni inviando una e-mail all\u2019indirizzo <strong data-start=\"1280\" data-end=\"1306\"><a class=\"decorated-link cursor-pointer\" rel=\"noopener\" data-start=\"1282\" data-end=\"1304\">info@crescentiforte.eu<\/a><\/strong> indicando nell\u2019oggetto \u201cCancellazione dalla lista di distribuzione\u201d.<\/p><p data-start=\"1379\" data-end=\"1503\">Pu\u00f2 consultare le informazioni aggiuntive e dettagliate sul trattamento dei Suoi dati al punto 1.3 del presente documento.<\/p><p data-start=\"1505\" data-end=\"1921\">Parimenti, potr\u00e0 esercitare i diritti di accesso, rettifica, cancellazione, opposizione, portabilit\u00e0 e limitazione inviando una comunicazione corredata da una fotocopia del documento di identit\u00e0 o documento equivalente, al fine di confermare la Sua identit\u00e0 ed evitare qualsiasi dubbio ragionevole al riguardo, al seguente indirizzo e-mail: <strong data-start=\"1846\" data-end=\"1872\"><a class=\"decorated-link cursor-pointer\" rel=\"noopener\" data-start=\"1848\" data-end=\"1870\">info@crescentiforte.eu<\/a><\/strong>, indicando nell\u2019oggetto \u201cProtezione dei dati\u201d.<\/p><hr data-start=\"1923\" data-end=\"1926\" \/><h3 data-start=\"1928\" data-end=\"1940\">POLITICA<\/h3><p data-start=\"1942\" data-end=\"2389\"><strong data-start=\"1942\" data-end=\"1960\">CRESCENTIFORTE<\/strong> \u00e8 particolarmente sensibile alla protezione dei dati degli utenti che accedono ai servizi offerti dal sito web. Attraverso la presente Informativa sulla Privacy si informa gli utenti di <strong data-start=\"2147\" data-end=\"2168\">crescentiforte.eu<\/strong> sul trattamento e sugli usi a cui sono sottoposti i dati personali raccolti sul sito mediante le informazioni aggiuntive, affinch\u00e9 decidano liberamente e volontariamente se desiderano fornire le informazioni richieste.<\/p><hr data-start=\"2391\" data-end=\"2394\" \/><h3 data-start=\"2396\" data-end=\"2419\">MISURE DI SICUREZZA<\/h3><p data-start=\"2421\" data-end=\"2909\">Si informa infine che <strong data-start=\"2443\" data-end=\"2461\">CRESCENTIFORTE<\/strong> ha adottato nel sistema informativo le misure tecniche e organizzative adeguate per garantire la sicurezza e la riservatezza dei dati memorizzati, evitando cos\u00ec la loro alterazione, perdita, trattamento o accesso non autorizzato, tenendo conto dello stato della tecnica, dei costi di applicazione, nonch\u00e9 della natura, portata, contesto e finalit\u00e0 del trattamento, e dei rischi di probabilit\u00e0 e gravit\u00e0 variabili associati a ciascun trattamento.<\/p><hr data-start=\"2911\" data-end=\"2914\" \/><h3 data-start=\"2916\" data-end=\"2940\">DIRITTI DEGLI UTENTI<\/h3><p data-start=\"2942\" data-end=\"3192\">L\u2019interessato dei dati personali potr\u00e0 esercitare i diritti che gli competono, in conformit\u00e0 al Regolamento Generale sulla Protezione dei Dati e alla Legge Organica 3\/2018 sulla Protezione dei Dati Personali e garanzia dei diritti digitali, ovvero:<\/p><p data-start=\"3194\" data-end=\"3489\"><strong data-start=\"3194\" data-end=\"3221\">A. \u2013 Diritto di accesso<\/strong><br data-start=\"3221\" data-end=\"3224\" \/>Pu\u00f2 essere esercitato con periodicit\u00e0 annuale, salvo legittimo interesse dimostrato.<br data-start=\"3308\" data-end=\"3311\" \/><strong data-start=\"3311\" data-end=\"3329\">CRESCENTIFORTE<\/strong> notificher\u00e0 la sua decisione entro un mese. Se positiva, l\u2019interessato potr\u00e0 accedere alle informazioni richieste entro i 10 giorni successivi alla notifica.<\/p><p data-start=\"3491\" data-end=\"3892\"><strong data-start=\"3491\" data-end=\"3536\">B. \u2013 Diritti di rettifica e cancellazione<\/strong><br data-start=\"3536\" data-end=\"3539\" \/>Potranno essere esercitati qualora l\u2019interessato ritenga che i dati raccolti nei nostri trattamenti siano inesatti, incompleti, inadeguati o eccessivi. In questo caso, potr\u00e0 esercitarli tramite uno dei mezzi sopra indicati.<br data-start=\"3762\" data-end=\"3765\" \/><strong data-start=\"3765\" data-end=\"3783\">CRESCENTIFORTE<\/strong> proceder\u00e0 alla rettifica o alla cancellazione entro i 10 giorni successivi alla ricezione della richiesta.<\/p><p data-start=\"3894\" data-end=\"4123\"><strong data-start=\"3894\" data-end=\"3925\">C. \u2013 Diritto di opposizione<\/strong><br data-start=\"3925\" data-end=\"3928\" \/>Potr\u00e0 essere esercitato qualora l\u2019interessato desideri opporsi al trattamento dei propri dati personali, anche se trattati legittimamente per interesse legittimo o consenso a fini pubblicitari.<\/p><p data-start=\"4125\" data-end=\"4359\"><strong data-start=\"4125\" data-end=\"4158\">D. \u2013 Diritto alla portabilit\u00e0<\/strong><br data-start=\"4158\" data-end=\"4161\" \/>Potr\u00e0 essere esercitato qualora l\u2019interessato desideri che i dati raccolti nei nostri trattamenti vengano restituiti al titolare dei dati o, se del caso, a un terzo (Responsabile del trattamento).<\/p><p data-start=\"4361\" data-end=\"4597\"><strong data-start=\"4361\" data-end=\"4410\">E. \u2013 Diritto alla limitazione del trattamento<\/strong><br data-start=\"4410\" data-end=\"4413\" \/>Potr\u00e0 essere esercitato in via preventiva al diritto di opposizione al trattamento dei dati e, finch\u00e9 non venga risolto tale diritto di opposizione, limitare il trattamento dei dati.<\/p><hr data-start=\"4599\" data-end=\"4602\" \/><h3 data-start=\"4604\" data-end=\"4627\">CAMBIO DI NORMATIVA<\/h3><p data-start=\"4629\" data-end=\"5013\"><strong data-start=\"4629\" data-end=\"4647\">CRESCENTIFORTE<\/strong> si riserva il diritto di modificare la presente politica al fine di adattarla alle novit\u00e0 legislative o giurisprudenziali. Tali modifiche saranno comunicate con il preavviso necessario sul nostro sito web, fatto salvo il diritto di richiedere il consenso degli interessati quando questo non sia considerato gi\u00e0 prestato in base ai termini della presente politica.<\/p><p data-start=\"5015\" data-end=\"5155\">Per qualsiasi dubbio, domanda o commento relativo alla presente normativa, non esiti a contattarci scrivendo a: <strong data-start=\"5127\" data-end=\"5153\"><a class=\"decorated-link cursor-pointer\" rel=\"noopener\" data-start=\"5129\" data-end=\"5151\">info@crescentiforte.eu<\/a><\/strong><\/p>\t\t\t\t\t\t\t\t<\/div>\n\t\t\t\t<div class=\"elementor-element elementor-element-224d85d elementor-widget elementor-widget-menu-anchor\" data-id=\"224d85d\" data-element_type=\"widget\" data-e-type=\"widget\" data-widget_type=\"menu-anchor.default\">\n\t\t\t\t\t\t\t<div class=\"elementor-menu-anchor\" id=\"informacion\"><\/div>\n\t\t\t\t\t\t<\/div>\n\t\t\t\t<div class=\"elementor-element elementor-element-1ef1edc elementor-widget elementor-widget-heading\" data-id=\"1ef1edc\" data-element_type=\"widget\" data-e-type=\"widget\" data-widget_type=\"heading.default\">\n\t\t\t\t\t<h2 class=\"elementor-heading-title elementor-size-default\">1.3 Informazioni Aggiuntive<\/h2>\t\t\t\t<\/div>\n\t\t\t\t<div class=\"elementor-element elementor-element-77caee3 pmb elementor-widget elementor-widget-text-editor\" data-id=\"77caee3\" data-element_type=\"widget\" data-e-type=\"widget\" data-widget_type=\"text-editor.default\">\n\t\t\t\t\t\t\t\t\t<div class=\"main-title-dati\">PROTEZIONE DEI DATI PERSONALI RGPDUE 2016\/679 \u2013 LOPDGDD 3\/2018\n Informazioni aggiuntive<\/div>\n<div class=\"mobile-table-dati\">\n<div class=\"section-header-dati\"> Informazioni aggiuntive<\/div>\n<div class=\"left-column-cell-dati\">Identit\u00e0 del titolare del trattamento<\/div>\n<div class=\"table-cell-dati\"><strong>S&amp;C BARNA CONSULTING&amp;INVESTMENTS 25, S.L.<\/strong>\nB-75594911\nC\/ Major de Sarri\u00e0, 137 \u2013 08017 Barcelona\n722 610 200\ninfo@crescentiforte.eu<\/div>\n<\/div>\n<div class=\"mobile-table-dati\">\n<div class=\"section-header-dati\">Finalit\u00e0<\/div>\n<div class=\"left-column-cell-dati\">Descrizione del trattamento<\/div>\n<div class=\"table-cell-dati\"> In conformit\u00e0 con il principio di limitazione della finalit\u00e0, i dati raccolti saranno trattati esclusivamente per finalit\u00e0 determinate, esplicite e legittime e non saranno trattati successivamente in modo incompatibile con tali finalit\u00e0.<\/div>\n<div class=\"left-column-cell-dati\">Periodo di conservazione<\/div>\n<div class=\"table-cell-dati\"> I dati personali forniti saranno conservati finch\u00e9 persister\u00e0 la relazione commerciale, salvo richiesta di cancellazione da parte dell&#8217;interessato. La normativa fiscale e contabile vigente ci impone di conservarli anche successivamente per adempiere a eventuali obblighi verso enti pubblici competenti.<\/div>\n<div class=\"left-column-cell-dati\">Decisioni automatizzate<\/div>\n<div class=\"table-cell-dati\"> La informiamo della possibile esistenza di decisioni automatizzate, compresa la profilazione, al fine di migliorare l\u2019esperienza utente e fornire informazioni, servizi o prodotti adeguati alle sue preferenze.<\/div>\n<\/div>\n<div class=\"mobile-table-dati\">\n<div class=\"section-header-dati\">Base giuridica<\/div>\n<div class=\"left-column-cell-dati\">Basi giuridiche del trattamento<\/div>\n<div class=\"table-cell-dati\"> I suoi dati personali saranno trattati secondo quanto comunicato al momento della raccolta, e nel rispetto delle basi giuridiche previste dal Regolamento UE 2016\/679.<\/div>\n<\/div>\n<div class=\"mobile-table-dati\">\n<div class=\"section-header-dati\">Destinatari<\/div>\n<div class=\"left-column-cell-dati\">Destinatari della comunicazione dei dati<\/div>\n<div class=\"table-cell-dati\"> I dati raccolti potranno essere comunicati a Walni, S.A., in qualit\u00e0 di fornitore di prodotti\/servizi, nel rispetto rigoroso delle normative sulla protezione dei dati.<\/div>\n<div class=\"left-column-cell-dati\">Trasferimenti internazionali di dati<\/div>\n<div class=\"table-cell-dati\"> Sono previsti e verranno effettuati con tutte le garanzie adeguate richieste, come stabilito all\u2019art. 46 del Regolamento UE 2016\/679, a carico del titolare o responsabile del trattamento.<\/div>\n<div class=\"left-column-cell-dati\">Responsabili del trattamento<\/div>\n<div class=\"table-cell-dati\"> I dati potranno essere trasmessi a responsabili del trattamento con accesso ai dati, con cui saranno stipulati accordi che definiscono obblighi e responsabilit\u00e0 in conformit\u00e0 al RGPDUE 2016\/679, e che offrano garanzie sufficienti.<\/div>\n<\/div>\n<div class=\"mobile-table-dati\">\n<div class=\"section-header-dati\">Diritti<\/div>\n<div class=\"left-column-cell-dati\">Esercizio dei diritti<\/div>\n<div class=\"table-cell-dati\"> L\u2019interessato pu\u00f2 esercitare i seguenti diritti previsti dal RGPDUE 2016\/679:\n<ul>\n \t<li><strong>Diritto di accesso<\/strong> ai dati personali che lo riguardano.<\/li>\n \t<li><strong>Diritto di rettifica<\/strong> o <strong>cancellazione<\/strong>.<\/li>\n \t<li><strong>Diritto di limitazione<\/strong> del trattamento.<\/li>\n \t<li><strong>Diritto di opposizione<\/strong> al trattamento.<\/strong><\/li>\n \t<li><strong>Diritto alla portabilit\u00e0<\/strong> dei dati.<\/strong><\/li>\n<\/ul>\nL\u2019esercizio dei diritti pu\u00f2 avvenire inviando richiesta scritta all\u2019indirizzo del titolare del trattamento o tramite email a info@crescentiforte.eu, allegando un documento identificativo per confermare l\u2019identit\u00e0 del richiedente ed evitare dubbi ragionevoli.\nNel caso in cui l\u2019interessato agisca tramite un rappresentante legale, questi dovr\u00e0 presentare anche il documento di identificazione e la delega.\nSe ritiene che i suoi diritti siano stati violati o desidera maggiori informazioni su come esercitarli, pu\u00f2 rivolgersi all\u2019AEPD (Agencia Espa\u00f1ola de Protecci\u00f3n de Datos):\n http:\/\/www.aepd.es\/\n Tel. 901 100 099 \/ 91 266 35 17\n C\/ Jorge Juan, 6 \u2013 28001 Madrid\n\n<\/div>\n<\/div>\t\t\t\t\t\t\t\t<\/div>\n\t\t\t\t\t<\/div>\n\t\t\t\t<\/div>\n\t\t\t\t<\/div>\n\t\t","protected":false},"excerpt":{"rendered":"<p>Avviso Legale Testi Legali RGPDUE 2016\/679 \u2013 LOPDGDD 3\/2018 1.1\u00a0 Avviso Legale 1.2\u00a0 Informativa sulla Privacy 1.3\u00a0 Informazioni Aggiuntive 1.1Avviso Legale DATI IDENTIFICATIVI DEL FORNITORE DI SERVIZI DELLA SOCIET\u00c0 DELL\u2019INFORMAZIONE In conformit\u00e0 con l\u2019articolo 10 della Legge 34\/2002, dell\u201911 luglio, sui \u201cServizi della Societ\u00e0 dell\u2019Informazione e del Commercio Elettronico (LSSI)\u201d, le forniamo le seguenti informazioni: [&hellip;]<\/p>\n","protected":false},"author":1,"featured_media":0,"parent":0,"menu_order":0,"comment_status":"closed","ping_status":"closed","template":"","meta":{"_acf_changed":false,"footnotes":""},"class_list":["post-2433","page","type-page","status-publish","hentry"],"acf":[],"yoast_head":"<!-- This site is optimized with the Yoast SEO plugin v28.4 - https:\/\/yoast.com\/product\/yoast-seo-wordpress\/ -->\n<title>Avviso Legale - Crescenti Forte<\/title>\n<meta name=\"description\" content=\"Consulta le Note Legali di CrescentiForte: dati aziendali, termini d\u2019uso, propriet\u00e0 intellettuale, sicurezza e risoluzione delle controversie.\" \/>\n<meta name=\"robots\" content=\"noindex, nofollow\" \/>\n<meta property=\"og:locale\" content=\"it_IT\" \/>\n<meta property=\"og:type\" content=\"article\" \/>\n<meta property=\"og:title\" content=\"Avviso Legale - Crescenti Forte\" \/>\n<meta property=\"og:description\" content=\"Consulta le Note Legali di CrescentiForte: dati aziendali, termini d\u2019uso, propriet\u00e0 intellettuale, sicurezza e risoluzione delle controversie.\" \/>\n<meta property=\"og:url\" content=\"https:\/\/www.crescentiforte.eu\/it\/avviso-legale\/\" \/>\n<meta property=\"og:site_name\" content=\"Crescenti Forte\" \/>\n<meta property=\"article:modified_time\" content=\"2025-09-24T09:42:27+00:00\" \/>\n<meta name=\"twitter:card\" content=\"summary_large_image\" \/>\n<meta name=\"twitter:label1\" content=\"Tempo di lettura stimato\" \/>\n\t<meta name=\"twitter:data1\" content=\"8 minuti\" \/>\n<script type=\"application\/ld+json\" class=\"yoast-schema-graph\">{\"@context\":\"https:\\\/\\\/schema.org\",\"@graph\":[{\"@type\":\"WebPage\",\"@id\":\"https:\\\/\\\/www.crescentiforte.eu\\\/it\\\/avviso-legale\\\/\",\"url\":\"https:\\\/\\\/www.crescentiforte.eu\\\/it\\\/avviso-legale\\\/\",\"name\":\"Avviso Legale - Crescenti Forte\",\"isPartOf\":{\"@id\":\"https:\\\/\\\/www.crescentiforte.eu\\\/it\\\/#website\"},\"datePublished\":\"2025-05-27T09:22:57+00:00\",\"dateModified\":\"2025-09-24T09:42:27+00:00\",\"description\":\"Consulta le Note Legali di CrescentiForte: dati aziendali, termini d\u2019uso, propriet\u00e0 intellettuale, sicurezza e risoluzione delle controversie.\",\"breadcrumb\":{\"@id\":\"https:\\\/\\\/www.crescentiforte.eu\\\/it\\\/avviso-legale\\\/#breadcrumb\"},\"inLanguage\":\"it-IT\",\"potentialAction\":[{\"@type\":\"ReadAction\",\"target\":[\"https:\\\/\\\/www.crescentiforte.eu\\\/it\\\/avviso-legale\\\/\"]}]},{\"@type\":\"BreadcrumbList\",\"@id\":\"https:\\\/\\\/www.crescentiforte.eu\\\/it\\\/avviso-legale\\\/#breadcrumb\",\"itemListElement\":[{\"@type\":\"ListItem\",\"position\":1,\"name\":\"Home\",\"item\":\"https:\\\/\\\/www.crescentiforte.eu\\\/it\\\/\"},{\"@type\":\"ListItem\",\"position\":2,\"name\":\"Avviso Legale\"}]},{\"@type\":\"WebSite\",\"@id\":\"https:\\\/\\\/www.crescentiforte.eu\\\/it\\\/#website\",\"url\":\"https:\\\/\\\/www.crescentiforte.eu\\\/it\\\/\",\"name\":\"Crescenti Forte\",\"description\":\"Istituti de Inmuno Ocnologia\",\"publisher\":{\"@id\":\"https:\\\/\\\/www.crescentiforte.eu\\\/it\\\/#organization\"},\"potentialAction\":[{\"@type\":\"SearchAction\",\"target\":{\"@type\":\"EntryPoint\",\"urlTemplate\":\"https:\\\/\\\/www.crescentiforte.eu\\\/it\\\/?s={search_term_string}\"},\"query-input\":{\"@type\":\"PropertyValueSpecification\",\"valueRequired\":true,\"valueName\":\"search_term_string\"}}],\"inLanguage\":\"it-IT\"},{\"@type\":\"Organization\",\"@id\":\"https:\\\/\\\/www.crescentiforte.eu\\\/it\\\/#organization\",\"name\":\"Crescenti Forte\",\"url\":\"https:\\\/\\\/www.crescentiforte.eu\\\/it\\\/\",\"logo\":{\"@type\":\"ImageObject\",\"inLanguage\":\"it-IT\",\"@id\":\"https:\\\/\\\/www.crescentiforte.eu\\\/it\\\/#\\\/schema\\\/logo\\\/image\\\/\",\"url\":\"https:\\\/\\\/www.crescentiforte.eu\\\/wp-content\\\/uploads\\\/2025\\\/05\\\/logo_crescenti-eng.svg\",\"contentUrl\":\"https:\\\/\\\/www.crescentiforte.eu\\\/wp-content\\\/uploads\\\/2025\\\/05\\\/logo_crescenti-eng.svg\",\"width\":312,\"height\":100,\"caption\":\"Crescenti Forte\"},\"image\":{\"@id\":\"https:\\\/\\\/www.crescentiforte.eu\\\/it\\\/#\\\/schema\\\/logo\\\/image\\\/\"}}]}<\/script>\n<!-- \/ Yoast SEO plugin. -->","yoast_head_json":{"title":"Avviso Legale - Crescenti Forte","description":"Consulta le Note Legali di CrescentiForte: dati aziendali, termini d\u2019uso, propriet\u00e0 intellettuale, sicurezza e risoluzione delle controversie.","robots":{"index":"noindex","follow":"nofollow"},"og_locale":"it_IT","og_type":"article","og_title":"Avviso Legale - Crescenti Forte","og_description":"Consulta le Note Legali di CrescentiForte: dati aziendali, termini d\u2019uso, propriet\u00e0 intellettuale, sicurezza e risoluzione delle controversie.","og_url":"https:\/\/www.crescentiforte.eu\/it\/avviso-legale\/","og_site_name":"Crescenti Forte","article_modified_time":"2025-09-24T09:42:27+00:00","twitter_card":"summary_large_image","twitter_misc":{"Tempo di lettura stimato":"8 minuti"},"schema":{"@context":"https:\/\/schema.org","@graph":[{"@type":"WebPage","@id":"https:\/\/www.crescentiforte.eu\/it\/avviso-legale\/","url":"https:\/\/www.crescentiforte.eu\/it\/avviso-legale\/","name":"Avviso Legale - Crescenti Forte","isPartOf":{"@id":"https:\/\/www.crescentiforte.eu\/it\/#website"},"datePublished":"2025-05-27T09:22:57+00:00","dateModified":"2025-09-24T09:42:27+00:00","description":"Consulta le Note Legali di CrescentiForte: dati aziendali, termini d\u2019uso, propriet\u00e0 intellettuale, sicurezza e risoluzione delle controversie.","breadcrumb":{"@id":"https:\/\/www.crescentiforte.eu\/it\/avviso-legale\/#breadcrumb"},"inLanguage":"it-IT","potentialAction":[{"@type":"ReadAction","target":["https:\/\/www.crescentiforte.eu\/it\/avviso-legale\/"]}]},{"@type":"BreadcrumbList","@id":"https:\/\/www.crescentiforte.eu\/it\/avviso-legale\/#breadcrumb","itemListElement":[{"@type":"ListItem","position":1,"name":"Home","item":"https:\/\/www.crescentiforte.eu\/it\/"},{"@type":"ListItem","position":2,"name":"Avviso Legale"}]},{"@type":"WebSite","@id":"https:\/\/www.crescentiforte.eu\/it\/#website","url":"https:\/\/www.crescentiforte.eu\/it\/","name":"Crescenti Forte","description":"Istituti de Inmuno Ocnologia","publisher":{"@id":"https:\/\/www.crescentiforte.eu\/it\/#organization"},"potentialAction":[{"@type":"SearchAction","target":{"@type":"EntryPoint","urlTemplate":"https:\/\/www.crescentiforte.eu\/it\/?s={search_term_string}"},"query-input":{"@type":"PropertyValueSpecification","valueRequired":true,"valueName":"search_term_string"}}],"inLanguage":"it-IT"},{"@type":"Organization","@id":"https:\/\/www.crescentiforte.eu\/it\/#organization","name":"Crescenti Forte","url":"https:\/\/www.crescentiforte.eu\/it\/","logo":{"@type":"ImageObject","inLanguage":"it-IT","@id":"https:\/\/www.crescentiforte.eu\/it\/#\/schema\/logo\/image\/","url":"https:\/\/www.crescentiforte.eu\/wp-content\/uploads\/2025\/05\/logo_crescenti-eng.svg","contentUrl":"https:\/\/www.crescentiforte.eu\/wp-content\/uploads\/2025\/05\/logo_crescenti-eng.svg","width":312,"height":100,"caption":"Crescenti Forte"},"image":{"@id":"https:\/\/www.crescentiforte.eu\/it\/#\/schema\/logo\/image\/"}}]}},"_links":{"self":[{"href":"https:\/\/www.crescentiforte.eu\/it\/wp-json\/wp\/v2\/pages\/2433","targetHints":{"allow":["GET"]}}],"collection":[{"href":"https:\/\/www.crescentiforte.eu\/it\/wp-json\/wp\/v2\/pages"}],"about":[{"href":"https:\/\/www.crescentiforte.eu\/it\/wp-json\/wp\/v2\/types\/page"}],"author":[{"embeddable":true,"href":"https:\/\/www.crescentiforte.eu\/it\/wp-json\/wp\/v2\/users\/1"}],"replies":[{"embeddable":true,"href":"https:\/\/www.crescentiforte.eu\/it\/wp-json\/wp\/v2\/comments?post=2433"}],"version-history":[{"count":15,"href":"https:\/\/www.crescentiforte.eu\/it\/wp-json\/wp\/v2\/pages\/2433\/revisions"}],"predecessor-version":[{"id":3390,"href":"https:\/\/www.crescentiforte.eu\/it\/wp-json\/wp\/v2\/pages\/2433\/revisions\/3390"}],"wp:attachment":[{"href":"https:\/\/www.crescentiforte.eu\/it\/wp-json\/wp\/v2\/media?parent=2433"}],"curies":[{"name":"wp","href":"https:\/\/api.w.org\/{rel}","templated":true}]}}